{"version":"1.0","provider_name":"Iraurgi Berritzen","provider_url":"https:\/\/iraurgiberritzen.eus\/es\/","author_name":"ainara","author_url":"https:\/\/iraurgiberritzen.eus\/es\/author\/ainara\/","title":"Cuestionarios preparados para completar el Plan de Clima y Energ\u00eda de Urola Erdia - Iraurgi Berritzen","type":"rich","width":600,"height":338,"html":"<blockquote class=\"wp-embedded-content\" data-secret=\"Rldsg7pTrH\"><a href=\"https:\/\/iraurgiberritzen.eus\/es\/plan-de-clima-y-energia-de-urola-erdia\/\">Cuestionarios preparados para completar el Plan de Clima y Energ\u00eda de Urola Erdia<\/a><\/blockquote><iframe sandbox=\"allow-scripts\" security=\"restricted\" src=\"https:\/\/iraurgiberritzen.eus\/es\/plan-de-clima-y-energia-de-urola-erdia\/embed\/#?secret=Rldsg7pTrH\" width=\"600\" height=\"338\" title=\"\u00abCuestionarios preparados para completar el Plan de Clima y Energ\u00eda de Urola Erdia\u00bb \u2014 Iraurgi Berritzen\" data-secret=\"Rldsg7pTrH\" frameborder=\"0\" marginwidth=\"0\" marginheight=\"0\" scrolling=\"no\" class=\"wp-embedded-content\"><\/iframe><script>\n\/*! This file is auto-generated *\/\n!function(d,l){\"use strict\";l.querySelector&&d.addEventListener&&\"undefined\"!=typeof URL&&(d.wp=d.wp||{},d.wp.receiveEmbedMessage||(d.wp.receiveEmbedMessage=function(e){var t=e.data;if((t||t.secret||t.message||t.value)&&!\/[^a-zA-Z0-9]\/.test(t.secret)){for(var s,r,n,a=l.querySelectorAll('iframe[data-secret=\"'+t.secret+'\"]'),o=l.querySelectorAll('blockquote[data-secret=\"'+t.secret+'\"]'),c=new RegExp(\"^https?:$\",\"i\"),i=0;i<o.length;i++)o[i].style.display=\"none\";for(i=0;i<a.length;i++)s=a[i],e.source===s.contentWindow&&(s.removeAttribute(\"style\"),\"height\"===t.message?(1e3<(r=parseInt(t.value,10))?r=1e3:~~r<200&&(r=200),s.height=r):\"link\"===t.message&&(r=new URL(s.getAttribute(\"src\")),n=new URL(t.value),c.test(n.protocol))&&n.host===r.host&&l.activeElement===s&&(d.top.location.href=t.value))}},d.addEventListener(\"message\",d.wp.receiveEmbedMessage,!1),l.addEventListener(\"DOMContentLoaded\",function(){for(var e,t,s=l.querySelectorAll(\"iframe.wp-embedded-content\"),r=0;r<s.length;r++)(t=(e=s[r]).getAttribute(\"data-secret\"))||(t=Math.random().toString(36).substring(2,12),e.src+=\"#?secret=\"+t,e.setAttribute(\"data-secret\",t)),e.contentWindow.postMessage({message:\"ready\",secret:t},\"*\")},!1)))}(window,document);\n\/\/# sourceURL=https:\/\/iraurgiberritzen.eus\/wp-includes\/js\/wp-embed.min.js\n<\/script>\n","thumbnail_url":"https:\/\/iraurgiberritzen.eus\/wp-content\/uploads\/2024\/10\/AGENDArako-irudiak-25-1024x704.png","thumbnail_width":1024,"thumbnail_height":704,"description":"El cambio clim\u00e1tico es uno de los retos m\u00e1s importantes que tenemos hoy en d\u00eda; para hacer frente a este problema a nivel comarcal, la Mesa de Energ\u00eda de Urola Erdia est\u00e1 elaborando un Plan comarcal de Clima y Energ\u00eda. En el proceso de dise\u00f1o de este plan es imprescindible contar con la colaboraci\u00f3n de [&hellip;]"}